{"id":91,"date":"2026-02-23T09:44:02","date_gmt":"2026-02-23T09:44:02","guid":{"rendered":"https:\/\/tierenov.fr\/?page_id=91"},"modified":"2026-04-20T10:21:16","modified_gmt":"2026-04-20T10:21:16","slug":"equipe-professionnelle-renovation","status":"publish","type":"page","link":"https:\/\/tierenov.fr\/index.php\/equipe-professionnelle-renovation\/","title":{"rendered":"L&rsquo;\u00e9quipe"},"content":{"rendered":"\n<div class=\"wp-block-uagb-container uagb-block-8595cffb alignfull uagb-is-root-container\">\n<div class=\"wp-block-uagb-advanced-heading uagb-block-6597830b\"><h1 class=\"uagb-heading-text\">Des professionnels de confiance pour r\u00e9nover votre habitat.<\/h1><\/div>\n<\/div>\n\n\n\n<div class=\"wp-block-uagb-container uagb-block-2a008bff alignfull uagb-is-root-container\">\n<div class=\"wp-block-uagb-container uagb-block-2473cc0d\">\n<p style=\"margin-top:var(--wp--preset--spacing--20);margin-bottom:var(--wp--preset--spacing--20);padding-top:0;padding-bottom:0;font-size:24px\">Derri\u00e8re chaque projet de r\u00e9novation, il y a avant tout une \u00e9quipe de professionnels investis et passionn\u00e9s par leur m\u00e9tier. Chez nous, chaque chantier est le fruit d\u2019un travail collectif, o\u00f9 chaque comp\u00e9tence a son importance. \u00c9lectriciens, plombiers, plaquistes et sp\u00e9cialistes du second \u0153uvre travaillent ensemble, avec une organisation claire et une communication fluide.<\/p>\n\n\n\n<p style=\"margin-top:var(--wp--preset--spacing--20);margin-bottom:var(--wp--preset--spacing--20);padding-top:0;padding-bottom:0;font-size:24px\">Nous avons fait le choix de fonctionner avec une seule \u00e9quipe, habitu\u00e9e \u00e0 collaborer sur des projets de r\u00e9novation compl\u00e8te. Cette approche nous permet de vous offrir un interlocuteur unique, une meilleure coordination du chantier et une vision globale de votre projet, du premier rendez-vous jusqu\u2019aux finitions.<\/p>\n\n\n\n<p style=\"margin-top:var(--wp--preset--spacing--20);margin-bottom:var(--wp--preset--spacing--20);padding-top:0;padding-bottom:0;font-size:24px\">\u00c0 l\u2019\u00e9coute de vos besoins et attentifs aux d\u00e9tails, nous avan\u00e7ons \u00e0 vos c\u00f4t\u00e9s \u00e0 chaque \u00e9tape, en restant disponibles et transparents, m\u00eame face aux impr\u00e9vus. Notre priorit\u00e9 : vous proposer une r\u00e9novation ma\u00eetris\u00e9e, r\u00e9alis\u00e9e dans les r\u00e8gles de l\u2019art et dans un climat de confiance.<\/p>\n\n\n\n<div class=\"wp-block-uagb-buttons uagb-buttons__outer-wrap uagb-btn__default-btn uagb-btn-tablet__default-btn uagb-btn-mobile__default-btn uagb-block-bb5f0d65\"><div class=\"uagb-buttons__wrap uagb-buttons-layout-wrap \">\n<div class=\"wp-block-uagb-buttons-child uagb-buttons__outer-wrap uagb-block-251392d5 wp-block-button\"><div class=\"uagb-button__wrapper\"><a class=\"uagb-buttons-repeater wp-block-button__link\" aria-label=\"\" href=\"https:\/\/tierenov.fr\/index.php\/contact\/\" rel=\"follow noopener\" target=\"_self\" role=\"button\"><div class=\"uagb-button__link\">Nous contacter<\/div><\/a><\/div><\/div>\n<\/div><\/div>\n<\/div>\n\n\n\n<div class=\"wp-block-uagb-container uagb-block-0fa08cf1\">\n<div class=\"wp-block-uagb-image uagb-block-6048ec78 wp-block-uagb-image--layout-default wp-block-uagb-image--effect-static wp-block-uagb-image--align-none\"><figure class=\"wp-block-uagb-image__figure\"><img decoding=\"async\" srcset=\"https:\/\/tierenov.fr\/wp-content\/uploads\/2026\/02\/image-equipe.webp ,https:\/\/tierenov.fr\/wp-content\/uploads\/2026\/02\/image-equipe.webp 780w, https:\/\/tierenov.fr\/wp-content\/uploads\/2026\/02\/image-equipe.webp 360w\" sizes=\"auto, (max-width: 480px) 150px\" src=\"https:\/\/tierenov.fr\/wp-content\/uploads\/2026\/02\/image-equipe.webp\" alt=\"photo qui illustre une \u00e9quipe de professionnelle de la \u00e9novation en pleine r\u00e9union de chantier\" class=\"uag-image-372\" width=\"480\" height=\"640\" title=\"image-e\u0301quipe\" loading=\"lazy\" role=\"img\"\/><\/figure><\/div>\n<\/div>\n<\/div>\n\n\n\n<div class=\"wp-block-uagb-container uagb-block-22829f09 alignfull uagb-is-root-container\">\n<div class=\"wp-block-uagb-container uagb-block-3a366fc6\">\n<div class=\"wp-block-uagb-image alignleft uagb-block-fbe83362 wp-block-uagb-image--layout-default wp-block-uagb-image--effect-static wp-block-uagb-image--align-left\"><figure class=\"wp-block-uagb-image__figure\"><img decoding=\"async\" srcset=\"https:\/\/tierenov.fr\/wp-content\/uploads\/2026\/03\/photos-equipe-tie-renov-01.webp ,https:\/\/tierenov.fr\/wp-content\/uploads\/2026\/03\/photos-equipe-tie-renov-01.webp 780w, https:\/\/tierenov.fr\/wp-content\/uploads\/2026\/03\/photos-equipe-tie-renov-01.webp 360w\" sizes=\"auto, (max-width: 480px) 150px\" src=\"https:\/\/tierenov.fr\/wp-content\/uploads\/2026\/03\/photos-equipe-tie-renov-01.webp\" alt=\"photo de Bastien co g\u00e9rant, \u00e9lectricien et plombier de l'entreprise de r\u00e9novation\" class=\"uag-image-999\" width=\"360\" height=\"550\" title=\"photos-equipe-tie-renov-01\" loading=\"lazy\" role=\"img\"\/><\/figure><\/div>\n<\/div>\n\n\n\n<div class=\"wp-block-uagb-container uagb-block-6c3d0cde\">\n<div class=\"wp-block-uagb-advanced-heading uagb-block-d75cd322\"><h2 class=\"uagb-heading-text\">Bastien<\/h2><p class=\"uagb-desc-text\">Dirigeant &amp; \u00c9lectricien \/ Plombier<\/p><\/div>\n\n\n\n<p style=\"font-size:24px\">Bastien est un entrepreneur passionn\u00e9 et expert dans le b\u00e2timent int\u00e9rieur, bas\u00e9 entre Bayeux et Saint-L\u00f4. \u00c0 la t\u00eate de son \u00e9quipe, il ma\u00eetrise l\u2019ensemble des corps de m\u00e9tier n\u00e9cessaires \u00e0 la r\u00e9novation et \u00e0 la finition compl\u00e8te d\u2019une maison, du placo aux d\u00e9tails d\u00e9coratifs. Rigoureux et respectueux des d\u00e9lais, il privil\u00e9gie la confiance et le bouche-\u00e0-oreille pour b\u00e2tir son r\u00e9seau local.<\/p>\n<\/div>\n<\/div>\n\n\n\n<div class=\"wp-block-uagb-container uagb-block-2e583f42 alignfull uagb-is-root-container\">\n<div class=\"wp-block-uagb-container uagb-block-15e0449b\">\n<div class=\"wp-block-uagb-advanced-heading uagb-block-58313870\"><h2 class=\"uagb-heading-text\">Anthony<\/h2><p class=\"uagb-desc-text\">Dirigeant &amp; Peintre<\/p><\/div>\n\n\n\n<p class=\"has-text-align-right\" style=\"font-size:24px\">Anthony est co-g\u00e9rant de l\u2019entreprise et v\u00e9ritable pilier du suivi de chantier. R\u00e9actif et exp\u00e9riment\u00e9, il sait faire face \u00e0 toutes les situations avec sang-froid et efficacit\u00e9. Garant de la qualit\u00e9 des finitions, il supervise notamment les travaux de peinture et d\u2019enduits avec une exigence constante, assurant des rendus soign\u00e9s et conformes aux attentes des clients.<\/p>\n<\/div>\n\n\n\n<div class=\"wp-block-uagb-container uagb-block-c6554323\">\n<div class=\"wp-block-uagb-image aligncenter uagb-block-65430573 wp-block-uagb-image--layout-default wp-block-uagb-image--effect-static wp-block-uagb-image--align-center\"><figure class=\"wp-block-uagb-image__figure\"><img decoding=\"async\" srcset=\"https:\/\/tierenov.fr\/wp-content\/uploads\/2026\/03\/photos-equipe-tie-renov-03.webp ,https:\/\/tierenov.fr\/wp-content\/uploads\/2026\/03\/photos-equipe-tie-renov-03.webp 780w, https:\/\/tierenov.fr\/wp-content\/uploads\/2026\/03\/photos-equipe-tie-renov-03.webp 360w\" sizes=\"auto, (max-width: 480px) 150px\" src=\"https:\/\/tierenov.fr\/wp-content\/uploads\/2026\/03\/photos-equipe-tie-renov-03.webp\" alt=\"Portrait d'Anthony co-g\u00e9rant et peintre, dans l'entreprise de r\u00e9novation\" class=\"uag-image-1007\" width=\"360\" height=\"550\" title=\"photos-equipe-tie-renov-03\" loading=\"lazy\" role=\"img\"\/><\/figure><\/div>\n<\/div>\n<\/div>\n\n\n\n<div class=\"wp-block-uagb-container uagb-block-42a3dcc2 alignfull uagb-is-root-container\">\n<div class=\"wp-block-uagb-container uagb-block-8bae8421\">\n<div class=\"wp-block-uagb-image alignleft uagb-block-bbd8bbab wp-block-uagb-image--layout-default wp-block-uagb-image--effect-static wp-block-uagb-image--align-left\"><figure class=\"wp-block-uagb-image__figure\"><img decoding=\"async\" srcset=\"https:\/\/tierenov.fr\/wp-content\/uploads\/2026\/03\/photos-equipe-tie-renov-04.webp ,https:\/\/tierenov.fr\/wp-content\/uploads\/2026\/03\/photos-equipe-tie-renov-04.webp 780w, https:\/\/tierenov.fr\/wp-content\/uploads\/2026\/03\/photos-equipe-tie-renov-04.webp 360w\" sizes=\"auto, (max-width: 480px) 150px\" src=\"https:\/\/tierenov.fr\/wp-content\/uploads\/2026\/03\/photos-equipe-tie-renov-04.webp\" alt=\"Photo de Kilian , platrier et plaquiste en r\u00e9novation de maison et appartement.\" class=\"uag-image-1008\" width=\"360\" height=\"550\" title=\"photos-equipe-tie-renov-04\" loading=\"lazy\" role=\"img\"\/><\/figure><\/div>\n<\/div>\n\n\n\n<div class=\"wp-block-uagb-container uagb-block-3869398c\">\n<div class=\"wp-block-uagb-advanced-heading uagb-block-7c1064dc\"><h2 class=\"uagb-heading-text\">Kilian<\/h2><p class=\"uagb-desc-text\">Carrelage &amp; Fa\u00efence<\/p><\/div>\n\n\n\n<p style=\"font-size:24px\">Kilian est un salari\u00e9 polyvalent, sp\u00e9cialis\u00e9 en fa\u00efence et carrelage. Pr\u00e9cis et appliqu\u00e9, il apporte une vraie valeur ajout\u00e9e aux projets gr\u00e2ce \u00e0 la qualit\u00e9 de ses poses et son sens du d\u00e9tail. Son savoir-faire contribue directement \u00e0 des finitions esth\u00e9tiques et durables.<\/p>\n<\/div>\n<\/div>\n\n\n\n<div class=\"wp-block-uagb-container uagb-block-354a0d0d alignfull uagb-is-root-container\">\n<div class=\"wp-block-uagb-container uagb-block-6364417d\">\n<div class=\"wp-block-uagb-advanced-heading uagb-block-4d1d4bfa\"><h2 class=\"uagb-heading-text\">Corinne<\/h2><p class=\"uagb-desc-text\">Agent de propret\u00e9 et d\u2019hygi\u00e8ne <\/p><\/div>\n\n\n\n<p class=\"has-text-align-right\" style=\"font-size:24px\">Corinne intervient en amont et en aval des chantiers. Elle assure la pr\u00e9paration des espaces de travail et r\u00e9alise un nettoyage de fin de chantier irr\u00e9prochable. Son r\u00f4le est essentiel pour garantir des environnements propres et soign\u00e9s, reflet du s\u00e9rieux et de la qualit\u00e9 de l\u2019entreprise.<\/p>\n<\/div>\n\n\n\n<div class=\"wp-block-uagb-container uagb-block-9c17ba38\">\n<div class=\"wp-block-uagb-image aligncenter uagb-block-82f912fd wp-block-uagb-image--layout-default wp-block-uagb-image--effect-static wp-block-uagb-image--align-center\"><figure class=\"wp-block-uagb-image__figure\"><img decoding=\"async\" srcset=\"https:\/\/tierenov.fr\/wp-content\/uploads\/2026\/03\/photos-equipe-tie-renov-05.webp ,https:\/\/tierenov.fr\/wp-content\/uploads\/2026\/03\/photos-equipe-tie-renov-05.webp 780w, https:\/\/tierenov.fr\/wp-content\/uploads\/2026\/03\/photos-equipe-tie-renov-05.webp 360w\" sizes=\"auto, (max-width: 480px) 150px\" src=\"https:\/\/tierenov.fr\/wp-content\/uploads\/2026\/03\/photos-equipe-tie-renov-05.webp\" alt=\"Photo Corinne, agent de propret\u00e9 de l'entreprise de travaux dans le b\u00e2timent \" class=\"uag-image-1009\" width=\"360\" height=\"550\" title=\"photos-equipe-tie-renov-05\" loading=\"lazy\" role=\"img\"\/><\/figure><\/div>\n<\/div>\n<\/div>\n\n\n\n<div class=\"wp-block-uagb-container uagb-block-e92a4686 alignfull uagb-is-root-container\">\n<div class=\"wp-block-uagb-container uagb-block-f9a4e31b\">\n<div class=\"wp-block-uagb-image alignleft uagb-block-de956035 wp-block-uagb-image--layout-default wp-block-uagb-image--effect-static wp-block-uagb-image--align-left\"><figure class=\"wp-block-uagb-image__figure\"><img decoding=\"async\" srcset=\"https:\/\/tierenov.fr\/wp-content\/uploads\/2026\/03\/photos-equipe-tie-renov-02.webp ,https:\/\/tierenov.fr\/wp-content\/uploads\/2026\/03\/photos-equipe-tie-renov-02.webp 780w, https:\/\/tierenov.fr\/wp-content\/uploads\/2026\/03\/photos-equipe-tie-renov-02.webp 360w\" sizes=\"auto, (max-width: 480px) 150px\" src=\"https:\/\/tierenov.fr\/wp-content\/uploads\/2026\/03\/photos-equipe-tie-renov-02.webp\" alt=\"Thomas, plaquiste et pl\u00e2trier de l'entreprise de r\u00e9novation Tie R\u00e9nov'\" class=\"uag-image-1010\" width=\"360\" height=\"550\" title=\"photos-equipe-tie-renov-02\" loading=\"lazy\" role=\"img\"\/><\/figure><\/div>\n<\/div>\n\n\n\n<div class=\"wp-block-uagb-container uagb-block-348295f4\">\n<div class=\"wp-block-uagb-advanced-heading uagb-block-e67581c8\"><h2 class=\"uagb-heading-text\">Thomas<\/h2><p class=\"uagb-desc-text\">Plaquiste &amp; Pl\u00e2trier<\/p><\/div>\n\n\n\n<p style=\"font-size:24px\">Thomas est plaquiste depuis plus de 10 ans. Fort de son exp\u00e9rience, il ma\u00eetrise parfaitement la mise en \u0153uvre des cloisons, doublages et plafonds. Fiable et m\u00e9thodique, il assure des supports de qualit\u00e9, essentiels pour garantir un r\u00e9sultat final impeccable.<\/p>\n<\/div>\n<\/div>\n\n\n\n<div class=\"wp-block-uagb-container uagb-block-37e4d8e8 alignfull uagb-is-root-container\">\n<div class=\"wp-block-uagb-advanced-heading uagb-block-4b35a015\"><h2 class=\"uagb-heading-text\">Vous souhaitez faire appel \u00e0 notre \u00e9quipe de professionnels ?<\/h2><\/div>\n\n\n\n<div class=\"wp-block-uagb-buttons uagb-buttons__outer-wrap uagb-btn__default-btn uagb-btn-tablet__default-btn uagb-btn-mobile__default-btn uagb-block-c31a214a\"><div class=\"uagb-buttons__wrap uagb-buttons-layout-wrap \">\n<div class=\"wp-block-uagb-buttons-child uagb-buttons__outer-wrap uagb-block-aac24b47 wp-block-button\"><div class=\"uagb-button__wrapper\"><a class=\"uagb-buttons-repeater wp-block-button__link\" aria-label=\"\" href=\"https:\/\/tierenov.fr\/index.php\/contact\/\" rel=\"follow noopener\" target=\"_self\" role=\"button\"><div class=\"uagb-button__link\">Demander un devis gratuit<\/div><\/a><\/div><\/div>\n<\/div><\/div>\n<\/div>\n","protected":false},"excerpt":{"rendered":"<p>Des professionnels de confiance pour r\u00e9nover votre habitat. Derri\u00e8re chaque projet de r\u00e9novation, il y a avant tout une \u00e9quipe [&hellip;]<\/p>\n","protected":false},"author":1,"featured_media":0,"parent":0,"menu_order":0,"comment_status":"closed","ping_status":"closed","template":"","meta":{"inline_featured_image":false,"_uag_custom_page_level_css":"","site-sidebar-layout":"default","site-content-layout":"","ast-site-content-layout":"default","site-content-style":"default","site-sidebar-style":"default","ast-global-header-display":"","ast-banner-title-visibility":"","ast-main-header-display":"","ast-hfb-above-header-display":"","ast-hfb-below-header-display":"","ast-hfb-mobile-header-display":"","site-post-title":"disabled","ast-breadcrumbs-content":"","ast-featured-img":"","footer-sml-layout":"","ast-disable-related-posts":"","theme-transparent-header-meta":"","adv-header-id-meta":"","stick-header-meta":"","header-above-stick-meta":"","header-main-stick-meta":"","header-below-stick-meta":"","astra-migrate-meta-layouts":"default","ast-page-background-enabled":"default","ast-page-background-meta":{"desktop":{"background-color":"var(--ast-global-color-5)","background-image":"","background-repeat":"repeat","background-position":"center center","background-size":"auto","background-attachment":"scroll","background-type":"","background-media":"","overlay-type":"","overlay-color":"","overlay-opacity":"","overlay-gradient":""},"tablet":{"background-color":"","background-image":"","background-repeat":"repeat","background-position":"center center","background-size":"auto","background-attachment":"scroll","background-type":"","background-media":"","overlay-type":"","overlay-color":"","overlay-opacity":"","overlay-gradient":""},"mobile":{"background-color":"","background-image":"","background-repeat":"repeat","background-position":"center center","background-size":"auto","background-attachment":"scroll","background-type":"","background-media":"","overlay-type":"","overlay-color":"","overlay-opacity":"","overlay-gradient":""}},"ast-content-background-meta":{"desktop":{"background-color":"var(--ast-global-color-4)","background-image":"","background-repeat":"repeat","background-position":"center center","background-size":"auto","background-attachment":"scroll","background-type":"","background-media":"","overlay-type":"","overlay-color":"","overlay-opacity":"","overlay-gradient":""},"tablet":{"background-color":"var(--ast-global-color-4)","background-image":"","background-repeat":"repeat","background-position":"center center","background-size":"auto","background-attachment":"scroll","background-type":"","background-media":"","overlay-type":"","overlay-color":"","overlay-opacity":"","overlay-gradient":""},"mobile":{"background-color":"var(--ast-global-color-4)","background-image":"","background-repeat":"repeat","background-position":"center center","background-size":"auto","background-attachment":"scroll","background-type":"","background-media":"","overlay-type":"","overlay-color":"","overlay-opacity":"","overlay-gradient":""}},"footnotes":""},"class_list":["post-91","page","type-page","status-publish","hentry"],"yoast_head":"<!-- This site is optimized with the Yoast SEO plugin v27.5 - https:\/\/yoast.com\/product\/yoast-seo-wordpress\/ -->\n<title>Une \u00e9quipe de professionnelle de la r\u00e9novation<\/title>\n<meta name=\"description\" content=\"D\u00e9couvrez l\u2019\u00e9quipe de professionnels de TIE R\u00e9nov, sp\u00e9cialis\u00e9e dans les travaux de r\u00e9novation et l\u2019am\u00e9nagement de l\u2019habitat dans la Manche.\" \/>\n<meta name=\"robots\" content=\"index, follow, max-snippet:-1, max-image-preview:large, max-video-preview:-1\" \/>\n<link rel=\"canonical\" href=\"https:\/\/tierenov.fr\/index.php\/equipe-professionnelle-renovation\/\" \/>\n<meta property=\"og:locale\" content=\"fr_FR\" \/>\n<meta property=\"og:type\" content=\"article\" \/>\n<meta property=\"og:title\" content=\"Une \u00e9quipe de professionnelle de la r\u00e9novation\" \/>\n<meta property=\"og:description\" content=\"D\u00e9couvrez l\u2019\u00e9quipe de professionnels de TIE R\u00e9nov, sp\u00e9cialis\u00e9e dans les travaux de r\u00e9novation et l\u2019am\u00e9nagement de l\u2019habitat dans la Manche.\" \/>\n<meta property=\"og:url\" content=\"https:\/\/tierenov.fr\/index.php\/equipe-professionnelle-renovation\/\" \/>\n<meta property=\"og:site_name\" content=\"TIE RENOV\" \/>\n<meta property=\"article:modified_time\" content=\"2026-04-20T10:21:16+00:00\" \/>\n<meta property=\"og:image\" content=\"https:\/\/tierenov.fr\/wp-content\/uploads\/2026\/02\/image-equipe.webp\" \/>\n<meta name=\"twitter:card\" content=\"summary_large_image\" \/>\n<meta name=\"twitter:label1\" content=\"Dur\u00e9e de lecture estim\u00e9e\" \/>\n\t<meta name=\"twitter:data1\" content=\"4 minutes\" \/>\n<script type=\"application\/ld+json\" class=\"yoast-schema-graph\">{\"@context\":\"https:\\\/\\\/schema.org\",\"@graph\":[{\"@type\":\"WebPage\",\"@id\":\"https:\\\/\\\/tierenov.fr\\\/index.php\\\/equipe-professionnelle-renovation\\\/\",\"url\":\"https:\\\/\\\/tierenov.fr\\\/index.php\\\/equipe-professionnelle-renovation\\\/\",\"name\":\"Une \u00e9quipe de professionnelle de la r\u00e9novation\",\"isPartOf\":{\"@id\":\"https:\\\/\\\/tierenov.fr\\\/#website\"},\"primaryImageOfPage\":{\"@id\":\"https:\\\/\\\/tierenov.fr\\\/index.php\\\/equipe-professionnelle-renovation\\\/#primaryimage\"},\"image\":{\"@id\":\"https:\\\/\\\/tierenov.fr\\\/index.php\\\/equipe-professionnelle-renovation\\\/#primaryimage\"},\"thumbnailUrl\":\"https:\\\/\\\/tierenov.fr\\\/wp-content\\\/uploads\\\/2026\\\/02\\\/image-equipe.webp\",\"datePublished\":\"2026-02-23T09:44:02+00:00\",\"dateModified\":\"2026-04-20T10:21:16+00:00\",\"description\":\"D\u00e9couvrez l\u2019\u00e9quipe de professionnels de TIE R\u00e9nov, sp\u00e9cialis\u00e9e dans les travaux de r\u00e9novation et l\u2019am\u00e9nagement de l\u2019habitat dans la Manche.\",\"breadcrumb\":{\"@id\":\"https:\\\/\\\/tierenov.fr\\\/index.php\\\/equipe-professionnelle-renovation\\\/#breadcrumb\"},\"inLanguage\":\"fr-FR\",\"potentialAction\":[{\"@type\":\"ReadAction\",\"target\":[\"https:\\\/\\\/tierenov.fr\\\/index.php\\\/equipe-professionnelle-renovation\\\/\"]}]},{\"@type\":\"ImageObject\",\"inLanguage\":\"fr-FR\",\"@id\":\"https:\\\/\\\/tierenov.fr\\\/index.php\\\/equipe-professionnelle-renovation\\\/#primaryimage\",\"url\":\"https:\\\/\\\/tierenov.fr\\\/wp-content\\\/uploads\\\/2026\\\/02\\\/image-equipe.webp\",\"contentUrl\":\"https:\\\/\\\/tierenov.fr\\\/wp-content\\\/uploads\\\/2026\\\/02\\\/image-equipe.webp\"},{\"@type\":\"BreadcrumbList\",\"@id\":\"https:\\\/\\\/tierenov.fr\\\/index.php\\\/equipe-professionnelle-renovation\\\/#breadcrumb\",\"itemListElement\":[{\"@type\":\"ListItem\",\"position\":1,\"name\":\"Accueil\",\"item\":\"https:\\\/\\\/tierenov.fr\\\/\"},{\"@type\":\"ListItem\",\"position\":2,\"name\":\"L&rsquo;\u00e9quipe\"}]},{\"@type\":\"WebSite\",\"@id\":\"https:\\\/\\\/tierenov.fr\\\/#website\",\"url\":\"https:\\\/\\\/tierenov.fr\\\/\",\"name\":\"TIE RENOV\",\"description\":\"Une seule \u00e9quipe du d\u00e9but \u00e0 la fin\",\"publisher\":{\"@id\":\"https:\\\/\\\/tierenov.fr\\\/#organization\"},\"potentialAction\":[{\"@type\":\"SearchAction\",\"target\":{\"@type\":\"EntryPoint\",\"urlTemplate\":\"https:\\\/\\\/tierenov.fr\\\/?s={search_term_string}\"},\"query-input\":{\"@type\":\"PropertyValueSpecification\",\"valueRequired\":true,\"valueName\":\"search_term_string\"}}],\"inLanguage\":\"fr-FR\"},{\"@type\":\"Organization\",\"@id\":\"https:\\\/\\\/tierenov.fr\\\/#organization\",\"name\":\"TIE RENOV\",\"url\":\"https:\\\/\\\/tierenov.fr\\\/\",\"logo\":{\"@type\":\"ImageObject\",\"inLanguage\":\"fr-FR\",\"@id\":\"https:\\\/\\\/tierenov.fr\\\/#\\\/schema\\\/logo\\\/image\\\/\",\"url\":\"https:\\\/\\\/tierenov.fr\\\/wp-content\\\/uploads\\\/2026\\\/02\\\/logo-fond-9blanc.svg\",\"contentUrl\":\"https:\\\/\\\/tierenov.fr\\\/wp-content\\\/uploads\\\/2026\\\/02\\\/logo-fond-9blanc.svg\",\"caption\":\"TIE RENOV\"},\"image\":{\"@id\":\"https:\\\/\\\/tierenov.fr\\\/#\\\/schema\\\/logo\\\/image\\\/\"}}]}<\/script>\n<!-- \/ Yoast SEO plugin. -->","yoast_head_json":{"title":"Une \u00e9quipe de professionnelle de la r\u00e9novation","description":"D\u00e9couvrez l\u2019\u00e9quipe de professionnels de TIE R\u00e9nov, sp\u00e9cialis\u00e9e dans les travaux de r\u00e9novation et l\u2019am\u00e9nagement de l\u2019habitat dans la Manche.","robots":{"index":"index","follow":"follow","max-snippet":"max-snippet:-1","max-image-preview":"max-image-preview:large","max-video-preview":"max-video-preview:-1"},"canonical":"https:\/\/tierenov.fr\/index.php\/equipe-professionnelle-renovation\/","og_locale":"fr_FR","og_type":"article","og_title":"Une \u00e9quipe de professionnelle de la r\u00e9novation","og_description":"D\u00e9couvrez l\u2019\u00e9quipe de professionnels de TIE R\u00e9nov, sp\u00e9cialis\u00e9e dans les travaux de r\u00e9novation et l\u2019am\u00e9nagement de l\u2019habitat dans la Manche.","og_url":"https:\/\/tierenov.fr\/index.php\/equipe-professionnelle-renovation\/","og_site_name":"TIE RENOV","article_modified_time":"2026-04-20T10:21:16+00:00","og_image":[{"url":"https:\/\/tierenov.fr\/wp-content\/uploads\/2026\/02\/image-equipe.webp","type":"","width":"","height":""}],"twitter_card":"summary_large_image","twitter_misc":{"Dur\u00e9e de lecture estim\u00e9e":"4 minutes"},"schema":{"@context":"https:\/\/schema.org","@graph":[{"@type":"WebPage","@id":"https:\/\/tierenov.fr\/index.php\/equipe-professionnelle-renovation\/","url":"https:\/\/tierenov.fr\/index.php\/equipe-professionnelle-renovation\/","name":"Une \u00e9quipe de professionnelle de la r\u00e9novation","isPartOf":{"@id":"https:\/\/tierenov.fr\/#website"},"primaryImageOfPage":{"@id":"https:\/\/tierenov.fr\/index.php\/equipe-professionnelle-renovation\/#primaryimage"},"image":{"@id":"https:\/\/tierenov.fr\/index.php\/equipe-professionnelle-renovation\/#primaryimage"},"thumbnailUrl":"https:\/\/tierenov.fr\/wp-content\/uploads\/2026\/02\/image-equipe.webp","datePublished":"2026-02-23T09:44:02+00:00","dateModified":"2026-04-20T10:21:16+00:00","description":"D\u00e9couvrez l\u2019\u00e9quipe de professionnels de TIE R\u00e9nov, sp\u00e9cialis\u00e9e dans les travaux de r\u00e9novation et l\u2019am\u00e9nagement de l\u2019habitat dans la Manche.","breadcrumb":{"@id":"https:\/\/tierenov.fr\/index.php\/equipe-professionnelle-renovation\/#breadcrumb"},"inLanguage":"fr-FR","potentialAction":[{"@type":"ReadAction","target":["https:\/\/tierenov.fr\/index.php\/equipe-professionnelle-renovation\/"]}]},{"@type":"ImageObject","inLanguage":"fr-FR","@id":"https:\/\/tierenov.fr\/index.php\/equipe-professionnelle-renovation\/#primaryimage","url":"https:\/\/tierenov.fr\/wp-content\/uploads\/2026\/02\/image-equipe.webp","contentUrl":"https:\/\/tierenov.fr\/wp-content\/uploads\/2026\/02\/image-equipe.webp"},{"@type":"BreadcrumbList","@id":"https:\/\/tierenov.fr\/index.php\/equipe-professionnelle-renovation\/#breadcrumb","itemListElement":[{"@type":"ListItem","position":1,"name":"Accueil","item":"https:\/\/tierenov.fr\/"},{"@type":"ListItem","position":2,"name":"L&rsquo;\u00e9quipe"}]},{"@type":"WebSite","@id":"https:\/\/tierenov.fr\/#website","url":"https:\/\/tierenov.fr\/","name":"TIE RENOV","description":"Une seule \u00e9quipe du d\u00e9but \u00e0 la fin","publisher":{"@id":"https:\/\/tierenov.fr\/#organization"},"potentialAction":[{"@type":"SearchAction","target":{"@type":"EntryPoint","urlTemplate":"https:\/\/tierenov.fr\/?s={search_term_string}"},"query-input":{"@type":"PropertyValueSpecification","valueRequired":true,"valueName":"search_term_string"}}],"inLanguage":"fr-FR"},{"@type":"Organization","@id":"https:\/\/tierenov.fr\/#organization","name":"TIE RENOV","url":"https:\/\/tierenov.fr\/","logo":{"@type":"ImageObject","inLanguage":"fr-FR","@id":"https:\/\/tierenov.fr\/#\/schema\/logo\/image\/","url":"https:\/\/tierenov.fr\/wp-content\/uploads\/2026\/02\/logo-fond-9blanc.svg","contentUrl":"https:\/\/tierenov.fr\/wp-content\/uploads\/2026\/02\/logo-fond-9blanc.svg","caption":"TIE RENOV"},"image":{"@id":"https:\/\/tierenov.fr\/#\/schema\/logo\/image\/"}}]}},"uagb_featured_image_src":{"full":false,"thumbnail":false,"medium":false,"medium_large":false,"large":false,"1536x1536":false,"2048x2048":false},"uagb_author_info":{"display_name":"Bastien","author_link":"https:\/\/tierenov.fr\/index.php\/author\/admin1415\/"},"uagb_comment_info":0,"uagb_excerpt":"Des professionnels de confiance pour r\u00e9nover votre habitat. Derri\u00e8re chaque projet de r\u00e9novation, il y a avant tout une \u00e9quipe [&hellip;]","_links":{"self":[{"href":"https:\/\/tierenov.fr\/index.php\/wp-json\/wp\/v2\/pages\/91","targetHints":{"allow":["GET"]}}],"collection":[{"href":"https:\/\/tierenov.fr\/index.php\/wp-json\/wp\/v2\/pages"}],"about":[{"href":"https:\/\/tierenov.fr\/index.php\/wp-json\/wp\/v2\/types\/page"}],"author":[{"embeddable":true,"href":"https:\/\/tierenov.fr\/index.php\/wp-json\/wp\/v2\/users\/1"}],"replies":[{"embeddable":true,"href":"https:\/\/tierenov.fr\/index.php\/wp-json\/wp\/v2\/comments?post=91"}],"version-history":[{"count":55,"href":"https:\/\/tierenov.fr\/index.php\/wp-json\/wp\/v2\/pages\/91\/revisions"}],"predecessor-version":[{"id":1264,"href":"https:\/\/tierenov.fr\/index.php\/wp-json\/wp\/v2\/pages\/91\/revisions\/1264"}],"wp:attachment":[{"href":"https:\/\/tierenov.fr\/index.php\/wp-json\/wp\/v2\/media?parent=91"}],"curies":[{"name":"wp","href":"https:\/\/api.w.org\/{rel}","templated":true}]}}